{"id":3866,"date":"2024-02-23T19:28:37","date_gmt":"2024-02-23T19:28:37","guid":{"rendered":"https:\/\/concernedcitizens.ro\/?page_id=3866"},"modified":"2024-03-13T19:25:07","modified_gmt":"2024-03-13T19:25:07","slug":"proiectul-civil-vs-civil","status":"publish","type":"page","link":"https:\/\/concernedcitizens.ro\/?page_id=3866&lang=ro","title":{"rendered":"Programul &#8220;Civil vs. Civil&#8221;"},"content":{"rendered":"\n<p>Programul &#8220;Civil vs. Civil&#8221; \u00ee\u0219i propune s\u0103 descopere \u0219i s\u0103 analizeze \u00een ce m\u0103sur\u0103 societatea civil\u0103 maghiar\u0103 din Rom\u00e2nia contribuie la consolidarea comunit\u0103\u021bii maghiare din \u021bar\u0103 \u0219i, \u00een general, la democratizarea societ\u0103\u021bii rom\u00e2ne\u0219ti.<\/p>\n\n\n\n<p>\u00cen prima etap\u0103 a programului &#8220;Civil vs. Civil&#8221;, ne propunem s\u0103 analiz\u0103m activit\u0103\u021bile ONG-urilor, proiectele, mi\u0219c\u0103rile civice, grupurile de ac\u021biune \u0219i ini\u021biativele de dezvoltare comunitar\u0103 pentru a examina dac\u0103 aceste ini\u021biative (fie c\u0103 sunt finan\u021bate sau realizate prin eforturi proprii) \u00eent\u0103resc sau sl\u0103besc procesele de democratizare ale comunit\u0103\u021bii maghiare \u0219i ale elitei politice maghiare din Rom\u00e2nia.<\/p>\n\n\n\n<p>Analizele noastre nu pot ignora faptul c\u0103 societatea civil\u0103 maghiar\u0103 din Rom\u00e2nia se confrunt\u0103 cu o lips\u0103 enorm\u0103 de resurse \u0219i func\u021bioneaz\u0103 \u00eentr-o rela\u021bie de dependen\u021b\u0103 puternic\u0103: pe de o parte, de resursele furnizate de statul maghiar, iar pe de alt\u0103 parte, de resursele gestionate de Funda\u021bia Communitas, administrat\u0103 de UDMR. Accesul la proiectele Uniunii Europene ofer\u0103 resurse \u00een principal organiza\u021biilor civile care func\u021bioneaz\u0103 \u00een mod institu\u021bionalizat, av\u00e2nd o baz\u0103 financiar\u0103 \u0219i infrastructural\u0103 relativ stabil\u0103.<\/p>\n\n\n\n<p>\u00cen cadrul programului, vom analiza \u0219i proiectele comunitare cu caracter grassroots, \u00een domeniile protec\u021biei minorit\u0103\u021bilor \u0219i afirm\u0103rii drepturilor acestora, protec\u021biei drepturilor femeilor \u0219i copiilor, dezvolt\u0103rii durabile, precum \u0219i modul \u00een care diferitele tipuri de ONG-uri axate pe protec\u021bia drepturilor \u0219i dezvoltarea durabil\u0103 interac\u021bioneaz\u0103 cu elita politic\u0103 maghiar\u0103 din Rom\u00e2nia \u0219i ce influen\u021b\u0103 au \u00een institu\u021biile de stat din \u021bar\u0103, \u0219i ce proiecte interna\u021bionale de advocacy implementeaz\u0103.<\/p>\n\n\n\n<p>Aceste analize sunt necesare deoarece comunitatea maghiar\u0103 din Rom\u00e2nia este una dintre cele mai mari comunit\u0103\u021bi minoritare din Europa, iar viitorul acestei comunit\u0103\u021bi este puternic determinat de for\u021ba sa de advocacy \u0219i lobby la nivel local, na\u021bional \u0219i interna\u021bional. \u00cen prezent, \u00een Uniunea European\u0103 comunitatea maghiar\u0103 din Rom\u00e2nia ocup\u0103 un loc relativ invizibil pe paleta comunit\u0103\u021bilor minoritare, \u0219i \u00een comunitate a \u00eenceput un proces puternic de marginalizare. Dorim s\u0103 \u00een\u021belegem cauzele acestui fenomen \u0219i s\u0103 model\u0103m posibilele schimb\u0103ri din perspectiva drepturilor omului \u0219i a dezvolt\u0103rii durabile.<\/p>\n\n\n\n<p>\u00cen etapele ulterioare ale programului, vom analiza impactul UDMR \u0219i al statului\/guvernului maghiar asupra func\u021bion\u0103rii societ\u0103\u021bii civile, mai precis, cum politica de sprijin a statului maghiar \u0219i a elitei politice maghiare din Rom\u00e2nia influen\u021beaz\u0103 func\u021bionarea societ\u0103\u021bii civile maghiare din Rom\u00e2nia, \u00eent\u0103rirea sau sl\u0103birea democra\u021biei, \u0219i de asemenea, dorim s\u0103 analiz\u0103m c\u00e2t de eficiente \u0219i orientate spre dezvoltarea comunit\u0103\u021bii sunt r\u0103spunsurile la provoc\u0103rile societ\u0103\u021bii civile maghiare din Rom\u00e2nia.<\/p>\n","protected":false},"excerpt":{"rendered":"<p>Programul &#8220;Civil vs. Civil&#8221; \u00ee\u0219i propune s\u0103 descopere \u0219i s\u0103 analizeze \u00een ce m\u0103sur\u0103 societatea civil\u0103 maghiar\u0103 din Rom\u00e2nia contribuie la consolidarea comunit\u0103\u021bii maghiare din \u021bar\u0103 \u0219i, \u00een general, la democratizarea societ\u0103\u021bii rom\u00e2ne\u0219ti. \u00cen prima etap\u0103 a programului &#8220;Civil vs. Civil&#8221;, ne propunem s\u0103 analiz\u0103m activit\u0103\u021bile ONG-urilor, proiectele, mi\u0219c\u0103rile civice, grupurile de ac\u021biune \u0219i ini\u021biativele [&hellip;]<\/p>\n","protected":false},"author":1,"featured_media":0,"parent":0,"menu_order":0,"comment_status":"closed","ping_status":"closed","template":"","meta":{"_uag_custom_page_level_css":"","footnotes":""},"class_list":["post-3866","page","type-page","status-publish","hentry"],"yoast_head":"<!-- This site is optimized with the Yoast SEO plugin v22.3 - https:\/\/yoast.com\/wordpress\/plugins\/seo\/ -->\n<title>Programul &quot;Civil vs. Civil&quot; - Concerned Citizens csoport<\/title>\n<meta name=\"robots\" content=\"index, follow, max-snippet:-1, max-image-preview:large, max-video-preview:-1\" \/>\n<link rel=\"canonical\" href=\"https:\/\/concernedcitizens.ro\/?page_id=3866&lang=ro\" \/>\n<meta property=\"og:locale\" content=\"en_US\" \/>\n<meta property=\"og:type\" content=\"article\" \/>\n<meta property=\"og:title\" content=\"Programul &quot;Civil vs. Civil&quot; - Concerned Citizens csoport\" \/>\n<meta property=\"og:description\" content=\"Programul &#8220;Civil vs. Civil&#8221; \u00ee\u0219i propune s\u0103 descopere \u0219i s\u0103 analizeze \u00een ce m\u0103sur\u0103 societatea civil\u0103 maghiar\u0103 din Rom\u00e2nia contribuie la consolidarea comunit\u0103\u021bii maghiare din \u021bar\u0103 \u0219i, \u00een general, la democratizarea societ\u0103\u021bii rom\u00e2ne\u0219ti. \u00cen prima etap\u0103 a programului &#8220;Civil vs. Civil&#8221;, ne propunem s\u0103 analiz\u0103m activit\u0103\u021bile ONG-urilor, proiectele, mi\u0219c\u0103rile civice, grupurile de ac\u021biune \u0219i ini\u021biativele [&hellip;]\" \/>\n<meta property=\"og:url\" content=\"https:\/\/concernedcitizens.ro\/?page_id=3866&amp;lang=ro\" \/>\n<meta property=\"og:site_name\" content=\"Concerned Citizens csoport\" \/>\n<meta property=\"article:modified_time\" content=\"2024-03-13T19:25:07+00:00\" \/>\n<meta name=\"twitter:card\" content=\"summary_large_image\" \/>\n<meta name=\"twitter:label1\" content=\"Est. reading time\" \/>\n\t<meta name=\"twitter:data1\" content=\"2 minutes\" \/>\n<!-- \/ Yoast SEO plugin. -->","yoast_head_json":{"title":"Programul \"Civil vs. Civil\" - Concerned Citizens csoport","robots":{"index":"index","follow":"follow","max-snippet":"max-snippet:-1","max-image-preview":"max-image-preview:large","max-video-preview":"max-video-preview:-1"},"canonical":"https:\/\/concernedcitizens.ro\/?page_id=3866&lang=ro","og_locale":"en_US","og_type":"article","og_title":"Programul \"Civil vs. Civil\" - Concerned Citizens csoport","og_description":"Programul &#8220;Civil vs. Civil&#8221; \u00ee\u0219i propune s\u0103 descopere \u0219i s\u0103 analizeze \u00een ce m\u0103sur\u0103 societatea civil\u0103 maghiar\u0103 din Rom\u00e2nia contribuie la consolidarea comunit\u0103\u021bii maghiare din \u021bar\u0103 \u0219i, \u00een general, la democratizarea societ\u0103\u021bii rom\u00e2ne\u0219ti. \u00cen prima etap\u0103 a programului &#8220;Civil vs. Civil&#8221;, ne propunem s\u0103 analiz\u0103m activit\u0103\u021bile ONG-urilor, proiectele, mi\u0219c\u0103rile civice, grupurile de ac\u021biune \u0219i ini\u021biativele [&hellip;]","og_url":"https:\/\/concernedcitizens.ro\/?page_id=3866&lang=ro","og_site_name":"Concerned Citizens csoport","article_modified_time":"2024-03-13T19:25:07+00:00","twitter_card":"summary_large_image","twitter_misc":{"Est. reading time":"2 minutes"},"schema":{"@context":"https:\/\/schema.org","@graph":[{"@type":"WebPage","@id":"https:\/\/concernedcitizens.ro\/?page_id=3866&lang=ro","url":"https:\/\/concernedcitizens.ro\/?page_id=3866&lang=ro","name":"Programul \"Civil vs. Civil\" - Concerned Citizens csoport","isPartOf":{"@id":"https:\/\/concernedcitizens.ro\/#website"},"datePublished":"2024-02-23T19:28:37+00:00","dateModified":"2024-03-13T19:25:07+00:00","breadcrumb":{"@id":"https:\/\/concernedcitizens.ro\/?page_id=3866&lang=ro#breadcrumb"},"inLanguage":"en-US","potentialAction":[{"@type":"ReadAction","target":["https:\/\/concernedcitizens.ro\/?page_id=3866&lang=ro"]}]},{"@type":"BreadcrumbList","@id":"https:\/\/concernedcitizens.ro\/?page_id=3866&lang=ro#breadcrumb","itemListElement":[{"@type":"ListItem","position":1,"name":"Home","item":"https:\/\/concernedcitizens.ro\/"},{"@type":"ListItem","position":2,"name":"Programul &#8220;Civil vs. Civil&#8221;"}]},{"@type":"WebSite","@id":"https:\/\/concernedcitizens.ro\/#website","url":"https:\/\/concernedcitizens.ro\/","name":"Concerned Citizens csoport","description":"","publisher":{"@id":"https:\/\/concernedcitizens.ro\/#organization"},"potentialAction":[{"@type":"SearchAction","target":{"@type":"EntryPoint","urlTemplate":"https:\/\/concernedcitizens.ro\/?s={search_term_string}"},"query-input":"required name=search_term_string"}],"inLanguage":"en-US"},{"@type":"Organization","@id":"https:\/\/concernedcitizens.ro\/#organization","name":"Concerned Citizens csoport","url":"https:\/\/concernedcitizens.ro\/","logo":{"@type":"ImageObject","inLanguage":"en-US","@id":"https:\/\/concernedcitizens.ro\/#\/schema\/logo\/image\/","url":"https:\/\/concernedcitizens.ro\/wp-content\/uploads\/2024\/02\/concerned_citizens-1.webp","contentUrl":"https:\/\/concernedcitizens.ro\/wp-content\/uploads\/2024\/02\/concerned_citizens-1.webp","width":589,"height":616,"caption":"Concerned Citizens csoport"},"image":{"@id":"https:\/\/concernedcitizens.ro\/#\/schema\/logo\/image\/"}}]}},"uagb_featured_image_src":{"full":false,"thumbnail":false,"medium":false,"medium_large":false,"large":false,"1536x1536":false,"2048x2048":false},"uagb_author_info":{"display_name":"Concerned Citizens","author_link":"https:\/\/concernedcitizens.ro\/?author=1"},"uagb_comment_info":0,"uagb_excerpt":"Programul &#8220;Civil vs. Civil&#8221; \u00ee\u0219i propune s\u0103 descopere \u0219i s\u0103 analizeze \u00een ce m\u0103sur\u0103 societatea civil\u0103 maghiar\u0103 din Rom\u00e2nia contribuie la consolidarea comunit\u0103\u021bii maghiare din \u021bar\u0103 \u0219i, \u00een general, la democratizarea societ\u0103\u021bii rom\u00e2ne\u0219ti. \u00cen prima etap\u0103 a programului &#8220;Civil vs. Civil&#8221;, ne propunem s\u0103 analiz\u0103m activit\u0103\u021bile ONG-urilor, proiectele, mi\u0219c\u0103rile civice, grupurile de ac\u021biune \u0219i ini\u021biativele&hellip;","_links":{"self":[{"href":"https:\/\/concernedcitizens.ro\/index.php?rest_route=\/wp\/v2\/pages\/3866","targetHints":{"allow":["GET"]}}],"collection":[{"href":"https:\/\/concernedcitizens.ro\/index.php?rest_route=\/wp\/v2\/pages"}],"about":[{"href":"https:\/\/concernedcitizens.ro\/index.php?rest_route=\/wp\/v2\/types\/page"}],"author":[{"embeddable":true,"href":"https:\/\/concernedcitizens.ro\/index.php?rest_route=\/wp\/v2\/users\/1"}],"replies":[{"embeddable":true,"href":"https:\/\/concernedcitizens.ro\/index.php?rest_route=%2Fwp%2Fv2%2Fcomments&post=3866"}],"version-history":[{"count":3,"href":"https:\/\/concernedcitizens.ro\/index.php?rest_route=\/wp\/v2\/pages\/3866\/revisions"}],"predecessor-version":[{"id":5710,"href":"https:\/\/concernedcitizens.ro\/index.php?rest_route=\/wp\/v2\/pages\/3866\/revisions\/5710"}],"wp:attachment":[{"href":"https:\/\/concernedcitizens.ro\/index.php?rest_route=%2Fwp%2Fv2%2Fmedia&parent=3866"}],"curies":[{"name":"wp","href":"https:\/\/api.w.org\/{rel}","templated":true}]}}