{"id":232,"date":"2024-01-14T12:47:20","date_gmt":"2024-01-14T12:47:20","guid":{"rendered":"https:\/\/concernedcitizens.ro\/?page_id=232"},"modified":"2024-03-13T19:34:24","modified_gmt":"2024-03-13T19:34:24","slug":"demokratikus-egypartrendszer-projekt","status":"publish","type":"page","link":"https:\/\/concernedcitizens.ro\/?page_id=232","title":{"rendered":"&#8220;Demokratikus egyp\u00e1rtrendszer&#8221; program"},"content":{"rendered":"\n<p>Egy k\u00f6z\u00f6ss\u00e9g demokratiz\u00e1l\u00f3d\u00e1s\u00e1t, meger\u0151s\u00f6d\u00e9s\u00e9t, fejl\u0151d\u00e9s\u00e9t nagym\u00e9rt\u00e9kben meghat\u00e1rozza a k\u00f6z\u00f6ss\u00e9g politikai elitje. A rom\u00e1niai magyar k\u00f6z\u00f6ss\u00e9g politikai vezet\u0151i az elm\u00falt t\u00f6bb mint 30 \u00e9vben egy k\u00f6zpontos\u00edtott, autoriter h\u00e1l\u00f3zatot, rendszert alak\u00edtottak ki a rom\u00e1niai magyar k\u00f6z\u00f6ss\u00e9gben, egyr\u00e9szt a politikai alakulatukon bel\u00fcl, m\u00e1sr\u00e9szt a k\u00f6z\u00f6ss\u00e9gen bel\u00fcl zajl\u00f3 folyamatokat egy demokratikusnak nem nevezhet\u0151 kontroll al\u00e1 vetett\u00e9k \u00e9s tartj\u00e1k.<\/p>\n\n\n\n<p>A rom\u00e1niai magyar k\u00f6z\u00f6ss\u00e9g politikai elitje egy civil szervezet \/ politikai p\u00e1rt hat\u00e1rmezsgy\u00e9j\u00e9n mozg\u00f3 entit\u00e1s, amelyet Rom\u00e1niai Magyar &#8220;Demokrata&#8221; Sz\u00f6vets\u00e9gnek neveztek el. Hab\u00e1r az RMDSZ nev\u0171 NGO \/ politikai p\u00e1rt azzal a c\u00e9llal j\u00f6tt l\u00e9tre, hogy a rom\u00e1niai magyar k\u00f6z\u00f6ss\u00e9g \u00e9rdekk\u00e9pviselet\u00e9t ell\u00e1ssa a k\u00f6z\u00f6ss\u00e9g politikai \u00e9s gazdas\u00e1gi meger\u0151s\u00f6d\u00e9s\u00e9nek a c\u00e9lj\u00e1val, m\u00e1ra m\u00e1r bizonyoss\u00e1 v\u00e1lt, hogy a politikai alakulat a saj\u00e1t monopolhelyzet\u00e9nek megszil\u00e1rd\u00edt\u00e1s\u00e1n dolgozott \u00e9s dolgozik mindm\u00e1ig, mik\u00f6zben a rom\u00e1niai magyar k\u00f6z\u00f6ss\u00e9g folyamatosan asszimil\u00e1l\u00f3dik \u00e9s er\u0151teljesen marginaliz\u00e1l\u00f3dik.<\/p>\n\n\n\n<p>Az ur\u00f3pai uni\u00f3ba val\u00f3 bel\u00e9p\u00e9s el\u0151tt az Eur\u00f3pa Tan\u00e1cs er\u0151teljes lobbij\u00e1nak k\u00f6sz\u00f6nhet\u0151en \u00e9s Rom\u00e1nia euroatlanti elk\u00f6telez\u0151d\u00e9s\u00e9nek nyom\u00e1n a rom\u00e1niai nemzeti kisebbs\u00e9gek jogai ter\u00e9n (nyelvi jogok, oktat\u00e1si jogok, \u00f6nkorm\u00e1nyzatis\u00e1g, parlamenti k\u00e9pviselet biztos\u00edt\u00e1sa) egy er\u0151teljes fejl\u0151d\u00e9s k\u00f6zvetkezett be, \u00e9s ennek hat\u00e1s\u00e1ra sz\u00e1mos t\u00f6rv\u00e9nybe kisebbs\u00e9gi szempontok ker\u00fcltek be, amelyek megsz\u00fclet\u00e9s\u00e9t figyelemmel k\u00f6vett\u00e9k a nemzetk\u00f6zi szervezetek, az alkalmaz\u00e1s viszont Rom\u00e1nia bel\u00fcgye, ezen bel\u00fcl az RMDSZ kiemelt priorit\u00e1sa, politikai tev\u00e9kenys\u00e9ge kellett volna legyen.<\/p>\n\n\n\n<p>Hab\u00e1r az RMDSZ azt \u00e1ll\u00edtotta az elm\u00falt 30 \u00e9vben, hogy nem a kisebbs\u00e9gi jogok a fontosak, hanem a gazdas\u00e1gi fejl\u0151d\u00e9s, az eredm\u00e9nyek alapj\u00e1n kijelenthetj\u00fck, hogy sem a kisebbs\u00e9gi jogok, sem a gazdas\u00e1gi fejl\u0151d\u00e9s nem k\u00f6vetkezett be a rom\u00e1niai magyar t\u00e1rsadalomban. Ugyanakkor az RMDSZ parlamenti \u00e9s \u00f6nkorm\u00e1nyzati jelenl\u00e9te er\u0151teljes, a Rom\u00e1nia \u00e1ltal a magyar kisebbs\u00e9gi k\u00f6z\u00f6ss\u00e9gnek sz\u00e1nt p\u00e9nz\u00fcgyi forr\u00e1sok kiz\u00e1r\u00f3lagos haszon\u00e9lvez\u0151je, a k\u00f6zszolg\u00e1lati m\u00e9di\u00e1ban er\u0151s kontrollt gyakorol, a gazdas\u00e1gi szerepl\u0151ket manipul\u00e1lja, \u00e9s &#8220;aki nincs vel\u00fcnk, ellen\u00fcnk van&#8221; elve szerint m\u0171k\u00f6dik. Felmer\u00fcl a k\u00e9rd\u00e9s, hogy mindez mennyire er\u0151s\u00edti a demokratiktus folyamatokat Rom\u00e1ni\u00e1ban \u00e9s a rom\u00e1niai magyar k\u00f6z\u00f6ss\u00e9gben.<\/p>\n\n\n\n<p>Programunk c\u00e9lja, hogy az RMDSZ tev\u00e9kenys\u00e9g\u00e9t monitoriz\u00e1ljuk az \u00f6nkorm\u00e1nyzatokban, a parlamentben \u00e9s az eur\u00f3pai parlamentben, megyei tan\u00e1csokban \u00e9s mindazokban az int\u00e9zm\u00e9nyekben, ahol RMDSZ-es tiszts\u00e9gvisel\u0151k, v\u00e1lasztott el\u00f6lj\u00e1r\u00f3k foglalnak helyet. M\u00e9rj\u00fck a transzparenci\u00e1t \u00e9s a demokratikus d\u00f6nt\u00e9shozatalt, a kisebbs\u00e9gi jogok (els\u0151sorban nyelvi \u00e9s oktat\u00e1si jogok) alkalmaz\u00e1s\u00e1t. Ezzel egyid\u0151ben a k\u00fcl\u00f6nb\u00f6z\u0151 \u00e1llami int\u00e9zm\u00e9nyekbe koopt\u00e1lt RMDSZ \u00e1ltal deleg\u00e1lt tagok tev\u00e9kenys\u00e9g\u00e9t is monitoriz\u00e1ljuk.<\/p>\n\n\n\n<p>A &#8220;Demokratikus egyp\u00e1rtrendszer&#8221; programon bel\u00fcl a 2024-es szuperv\u00e1laszt\u00e1si \u00e9vben elind\u00edtunk egy projektet &#8220;Felel\u0151ss\u00e9geteljes \u00d6nkorm\u00e1nyz\u00e1s&#8221; n\u00e9ven, a projekt c\u00e9lja a demokratikus \u00e9s k\u00f6z\u00f6ss\u00e9gcentrikus \u00f6nkorm\u00e1nyz\u00e1s meger\u0151s\u00edt\u00e9se a rom\u00e1niai magyar k\u00f6z\u00f6ss\u00e9gen bel\u00fcl. A projekt keret\u00e9n bel\u00fcl szeretn\u00e9nk felt\u00e9rk\u00e9pezni, hogy az egyes v\u00e1lasztott k\u00e9pvisel\u0151k mennyire azonosulnak a demokratikus \u00e9rt\u00e9kekkel, mennyire fontosak nekik a k\u00f6z\u00f6ss\u00e9g\u00fck jogai, ezeket mennyire k\u00e9pviselt\u00e9k az elm\u00falt n\u00e9gy \u00e9vben. <\/p>\n","protected":false},"excerpt":{"rendered":"<p>Egy k\u00f6z\u00f6ss\u00e9g demokratiz\u00e1l\u00f3d\u00e1s\u00e1t, meger\u0151s\u00f6d\u00e9s\u00e9t, fejl\u0151d\u00e9s\u00e9t nagym\u00e9rt\u00e9kben meghat\u00e1rozza a k\u00f6z\u00f6ss\u00e9g politikai elitje. A rom\u00e1niai magyar k\u00f6z\u00f6ss\u00e9g politikai vezet\u0151i az elm\u00falt t\u00f6bb mint 30 \u00e9vben egy k\u00f6zpontos\u00edtott, autoriter h\u00e1l\u00f3zatot, rendszert alak\u00edtottak ki a rom\u00e1niai magyar k\u00f6z\u00f6ss\u00e9gben, egyr\u00e9szt a politikai alakulatukon bel\u00fcl, m\u00e1sr\u00e9szt a k\u00f6z\u00f6ss\u00e9gen bel\u00fcl zajl\u00f3 folyamatokat egy demokratikusnak nem nevezhet\u0151 kontroll al\u00e1 vetett\u00e9k \u00e9s tartj\u00e1k. A [&hellip;]<\/p>\n","protected":false},"author":1,"featured_media":0,"parent":0,"menu_order":0,"comment_status":"closed","ping_status":"closed","template":"","meta":{"_uag_custom_page_level_css":"","footnotes":""},"class_list":["post-232","page","type-page","status-publish","hentry"],"yoast_head":"<!-- This site is optimized with the Yoast SEO plugin v22.3 - https:\/\/yoast.com\/wordpress\/plugins\/seo\/ -->\n<title>&quot;Demokratikus egyp\u00e1rtrendszer&quot; program - Concerned Citizens csoport<\/title>\n<meta name=\"robots\" content=\"index, follow, max-snippet:-1, max-image-preview:large, max-video-preview:-1\" \/>\n<link rel=\"canonical\" href=\"https:\/\/concernedcitizens.ro\/?page_id=232\" \/>\n<meta property=\"og:locale\" content=\"en_US\" \/>\n<meta property=\"og:type\" content=\"article\" \/>\n<meta property=\"og:title\" content=\"&quot;Demokratikus egyp\u00e1rtrendszer&quot; program - Concerned Citizens csoport\" \/>\n<meta property=\"og:description\" content=\"Egy k\u00f6z\u00f6ss\u00e9g demokratiz\u00e1l\u00f3d\u00e1s\u00e1t, meger\u0151s\u00f6d\u00e9s\u00e9t, fejl\u0151d\u00e9s\u00e9t nagym\u00e9rt\u00e9kben meghat\u00e1rozza a k\u00f6z\u00f6ss\u00e9g politikai elitje. A rom\u00e1niai magyar k\u00f6z\u00f6ss\u00e9g politikai vezet\u0151i az elm\u00falt t\u00f6bb mint 30 \u00e9vben egy k\u00f6zpontos\u00edtott, autoriter h\u00e1l\u00f3zatot, rendszert alak\u00edtottak ki a rom\u00e1niai magyar k\u00f6z\u00f6ss\u00e9gben, egyr\u00e9szt a politikai alakulatukon bel\u00fcl, m\u00e1sr\u00e9szt a k\u00f6z\u00f6ss\u00e9gen bel\u00fcl zajl\u00f3 folyamatokat egy demokratikusnak nem nevezhet\u0151 kontroll al\u00e1 vetett\u00e9k \u00e9s tartj\u00e1k. A [&hellip;]\" \/>\n<meta property=\"og:url\" content=\"https:\/\/concernedcitizens.ro\/?page_id=232\" \/>\n<meta property=\"og:site_name\" content=\"Concerned Citizens csoport\" \/>\n<meta property=\"article:modified_time\" content=\"2024-03-13T19:34:24+00:00\" \/>\n<meta name=\"twitter:card\" content=\"summary_large_image\" \/>\n<meta name=\"twitter:label1\" content=\"Est. reading time\" \/>\n\t<meta name=\"twitter:data1\" content=\"2 minutes\" \/>\n<!-- \/ Yoast SEO plugin. -->","yoast_head_json":{"title":"\"Demokratikus egyp\u00e1rtrendszer\" program - Concerned Citizens csoport","robots":{"index":"index","follow":"follow","max-snippet":"max-snippet:-1","max-image-preview":"max-image-preview:large","max-video-preview":"max-video-preview:-1"},"canonical":"https:\/\/concernedcitizens.ro\/?page_id=232","og_locale":"en_US","og_type":"article","og_title":"\"Demokratikus egyp\u00e1rtrendszer\" program - Concerned Citizens csoport","og_description":"Egy k\u00f6z\u00f6ss\u00e9g demokratiz\u00e1l\u00f3d\u00e1s\u00e1t, meger\u0151s\u00f6d\u00e9s\u00e9t, fejl\u0151d\u00e9s\u00e9t nagym\u00e9rt\u00e9kben meghat\u00e1rozza a k\u00f6z\u00f6ss\u00e9g politikai elitje. A rom\u00e1niai magyar k\u00f6z\u00f6ss\u00e9g politikai vezet\u0151i az elm\u00falt t\u00f6bb mint 30 \u00e9vben egy k\u00f6zpontos\u00edtott, autoriter h\u00e1l\u00f3zatot, rendszert alak\u00edtottak ki a rom\u00e1niai magyar k\u00f6z\u00f6ss\u00e9gben, egyr\u00e9szt a politikai alakulatukon bel\u00fcl, m\u00e1sr\u00e9szt a k\u00f6z\u00f6ss\u00e9gen bel\u00fcl zajl\u00f3 folyamatokat egy demokratikusnak nem nevezhet\u0151 kontroll al\u00e1 vetett\u00e9k \u00e9s tartj\u00e1k. A [&hellip;]","og_url":"https:\/\/concernedcitizens.ro\/?page_id=232","og_site_name":"Concerned Citizens csoport","article_modified_time":"2024-03-13T19:34:24+00:00","twitter_card":"summary_large_image","twitter_misc":{"Est. reading time":"2 minutes"},"schema":{"@context":"https:\/\/schema.org","@graph":[{"@type":"WebPage","@id":"https:\/\/concernedcitizens.ro\/?page_id=232","url":"https:\/\/concernedcitizens.ro\/?page_id=232","name":"\"Demokratikus egyp\u00e1rtrendszer\" program - Concerned Citizens csoport","isPartOf":{"@id":"https:\/\/concernedcitizens.ro\/#website"},"datePublished":"2024-01-14T12:47:20+00:00","dateModified":"2024-03-13T19:34:24+00:00","breadcrumb":{"@id":"https:\/\/concernedcitizens.ro\/?page_id=232#breadcrumb"},"inLanguage":"en-US","potentialAction":[{"@type":"ReadAction","target":["https:\/\/concernedcitizens.ro\/?page_id=232"]}]},{"@type":"BreadcrumbList","@id":"https:\/\/concernedcitizens.ro\/?page_id=232#breadcrumb","itemListElement":[{"@type":"ListItem","position":1,"name":"Home","item":"https:\/\/concernedcitizens.ro\/"},{"@type":"ListItem","position":2,"name":"&#8220;Demokratikus egyp\u00e1rtrendszer&#8221; program"}]},{"@type":"WebSite","@id":"https:\/\/concernedcitizens.ro\/#website","url":"https:\/\/concernedcitizens.ro\/","name":"Concerned Citizens csoport","description":"","publisher":{"@id":"https:\/\/concernedcitizens.ro\/#organization"},"potentialAction":[{"@type":"SearchAction","target":{"@type":"EntryPoint","urlTemplate":"https:\/\/concernedcitizens.ro\/?s={search_term_string}"},"query-input":"required name=search_term_string"}],"inLanguage":"en-US"},{"@type":"Organization","@id":"https:\/\/concernedcitizens.ro\/#organization","name":"Concerned Citizens csoport","url":"https:\/\/concernedcitizens.ro\/","logo":{"@type":"ImageObject","inLanguage":"en-US","@id":"https:\/\/concernedcitizens.ro\/#\/schema\/logo\/image\/","url":"https:\/\/concernedcitizens.ro\/wp-content\/uploads\/2024\/02\/concerned_citizens-1.webp","contentUrl":"https:\/\/concernedcitizens.ro\/wp-content\/uploads\/2024\/02\/concerned_citizens-1.webp","width":589,"height":616,"caption":"Concerned Citizens csoport"},"image":{"@id":"https:\/\/concernedcitizens.ro\/#\/schema\/logo\/image\/"}}]}},"uagb_featured_image_src":{"full":false,"thumbnail":false,"medium":false,"medium_large":false,"large":false,"1536x1536":false,"2048x2048":false},"uagb_author_info":{"display_name":"Concerned Citizens","author_link":"https:\/\/concernedcitizens.ro\/?author=1"},"uagb_comment_info":0,"uagb_excerpt":"Egy k\u00f6z\u00f6ss\u00e9g demokratiz\u00e1l\u00f3d\u00e1s\u00e1t, meger\u0151s\u00f6d\u00e9s\u00e9t, fejl\u0151d\u00e9s\u00e9t nagym\u00e9rt\u00e9kben meghat\u00e1rozza a k\u00f6z\u00f6ss\u00e9g politikai elitje. A rom\u00e1niai magyar k\u00f6z\u00f6ss\u00e9g politikai vezet\u0151i az elm\u00falt t\u00f6bb mint 30 \u00e9vben egy k\u00f6zpontos\u00edtott, autoriter h\u00e1l\u00f3zatot, rendszert alak\u00edtottak ki a rom\u00e1niai magyar k\u00f6z\u00f6ss\u00e9gben, egyr\u00e9szt a politikai alakulatukon bel\u00fcl, m\u00e1sr\u00e9szt a k\u00f6z\u00f6ss\u00e9gen bel\u00fcl zajl\u00f3 folyamatokat egy demokratikusnak nem nevezhet\u0151 kontroll al\u00e1 vetett\u00e9k \u00e9s tartj\u00e1k. A&hellip;","_links":{"self":[{"href":"https:\/\/concernedcitizens.ro\/index.php?rest_route=\/wp\/v2\/pages\/232","targetHints":{"allow":["GET"]}}],"collection":[{"href":"https:\/\/concernedcitizens.ro\/index.php?rest_route=\/wp\/v2\/pages"}],"about":[{"href":"https:\/\/concernedcitizens.ro\/index.php?rest_route=\/wp\/v2\/types\/page"}],"author":[{"embeddable":true,"href":"https:\/\/concernedcitizens.ro\/index.php?rest_route=\/wp\/v2\/users\/1"}],"replies":[{"embeddable":true,"href":"https:\/\/concernedcitizens.ro\/index.php?rest_route=%2Fwp%2Fv2%2Fcomments&post=232"}],"version-history":[{"count":7,"href":"https:\/\/concernedcitizens.ro\/index.php?rest_route=\/wp\/v2\/pages\/232\/revisions"}],"predecessor-version":[{"id":5718,"href":"https:\/\/concernedcitizens.ro\/index.php?rest_route=\/wp\/v2\/pages\/232\/revisions\/5718"}],"wp:attachment":[{"href":"https:\/\/concernedcitizens.ro\/index.php?rest_route=%2Fwp%2Fv2%2Fmedia&parent=232"}],"curies":[{"name":"wp","href":"https:\/\/api.w.org\/{rel}","templated":true}]}}