{"id":190,"date":"2024-01-13T20:55:05","date_gmt":"2024-01-13T20:55:05","guid":{"rendered":"https:\/\/concernedcitizens.ro\/?page_id=190"},"modified":"2024-03-13T19:30:23","modified_gmt":"2024-03-13T19:30:23","slug":"romaniai-magyar-regressziv-media","status":"publish","type":"page","link":"https:\/\/concernedcitizens.ro\/?page_id=190","title":{"rendered":"&#8220;Rom\u00e1niai magyar regressz\u00edv m\u00e9dia&#8221; program"},"content":{"rendered":"\n<div class=\"wp-block-group alignwide normal-szoveg has-global-padding is-layout-constrained wp-block-group-is-layout-constrained\">\n<p class=\"normal-szoveg\">A Concerned Citizens csoport 2024-ben elind\u00edtja a \u201c<a data-type=\"page\" data-id=\"190\" href=\"https:\/\/concernedcitizens.ro\/?page_id=190\">Rom\u00e1niai magyar regressz\u00edv m\u00e9dia<\/a>\u201d c. programot.<\/p>\n\n\n\n<p>A m\u00e9dia a k\u00f6z\u00e9let megtisztul\u00e1s\u00e1nak egyik fontos motorja. \u00c9ppen ez\u00e9rt fontos a sajt\u00f3 tev\u00e9kenys\u00e9g\u00e9t figyelemmel k\u00eds\u00e9rni.<\/p>\n\n\n\n<p>A rom\u00e1niai magyar sajt\u00f3 NER \u00e1ltal befoly\u00e1solt r\u00e9sze \u00e9s az ezzel szemben \u00e1ll\u00f3 m\u00e1sik oldal k\u00f6z\u00f6tti ellent\u00e9t mindenki \u00e1ltal ismert jelens\u00e9g.<\/p>\n\n\n\n<p>Kev\u00e9sb\u00e9 t\u00e1rgyalt t\u00e9ny, hogy az RMDSZ hossz\u00fa ideje fenntart a rom\u00e1niai ad\u00f3fizet\u0151k p\u00e9nz\u00e9n egy teljes m\u00e9diah\u00e1l\u00f3zatot, emellett sajn\u00e1latos m\u00f3don gyakran RMDSZ-sz\u00f3cs\u0151nek tekinti a rom\u00e1niai k\u00f6zszolg\u00e1lati telev\u00edzi\u00f3t \u00e9s r\u00e1di\u00f3t is.<\/p>\n\n\n\n<p>Ezen k\u00edv\u00fcl pedig a rom\u00e1niai magyar m\u00e9di\u00e1ban kialakult egy nem t\u00fal eg\u00e9szs\u00e9ges hierarchia. A mag\u00e1t szabadnak, progressz\u00edvnek tekint\u0151 m\u00e9dia enyh\u00e9n sz\u00f3lva len\u00e9z\u0151en tekint a NER \u00e1ltal befoly\u00e1solt m\u00e9diumokra, mik\u00f6zben egyes, magukat progressz\u00edvnek tekint\u0151 m\u00e9diumokban gyakran olvasni olyan \u00edr\u00e1st, amelyeknek majdhogynem semmilyen relevanci\u00e1ja nincs a rom\u00e1niai magyar k\u00f6z\u00f6ss\u00e9gre n\u00e9zve. Amennyiben egy rom\u00e1niai magyar m\u00e9dium partnerk\u00e9nt vesz r\u00e9szt nemzetk\u00f6zi projektekben, gyakori jelens\u00e9g, hogy a sz\u00fclet\u0151 cikkek, oknyomoz\u00f3, t\u00e9nyfelt\u00e1r\u00f3 anyagok kiz\u00e1r\u00f3lag NER-kritik\u00e1t tartalmaznak, \u00e9s azt vizsg\u00e1lj\u00e1k, hogy a NER-nek milyen befoly\u00e1sa van a helyi k\u00f6z\u00f6ss\u00e9gekre, \u00e9s nagyon ritk\u00e1n tal\u00e1lni relev\u00e1ns kisebbs\u00e9gi t\u00e9mak\u00f6r\u00f6ket.<\/p>\n\n\n\n<p>A \u201cRom\u00e1niai magyar regressz\u00edv m\u00e9dia\u201d program c\u00e9lja, hogy a rom\u00e1niai magyar m\u00e9diaterm\u00e9kekben progressz\u00edv, a k\u00f6z\u00f6ss\u00e9g szempontj\u00e1b\u00f3l relev\u00e1ns, t\u00e1mogat\u00f3, a kritikai gondolkod\u00e1st er\u0151s\u00edt\u0151 \u00e9s k\u00f6ld\u00f6kn\u00e9zeget\u00e9s helyett alternat\u00edv\u00e1kat ny\u00fajt\u00f3 cikkek sz\u00fclessenek. Mivel kisebbs\u00e9gi nyelven, kisebbs\u00e9gi k\u00f6z\u00f6ss\u00e9gnek gy\u00e1rtott m\u00e9diaterm\u00e9kekr\u0151l van sz\u00f3, kiemelten fontos, hogy a t\u00f6bbs\u00e9g-kisebbs\u00e9g szempontok hangs\u00falyosan megjelenjenek a progresszivit\u00e1s erny\u0151je alatt. A val\u00f3di progressz\u00edv m\u00e9dia olyan t\u00e9m\u00e1kat taglal, amelyek a demokr\u00e1cia \u00e9s a jog\u00e1llamis\u00e1g megszil\u00e1rdul\u00e1s\u00e1t c\u00e9lozz\u00e1k, mint p\u00e9ld\u00e1ul es\u00e9lyegyenl\u0151s\u00e9g, inkluzivit\u00e1s, emberi \u00e9s kisebbs\u00e9gi jogok, s\u00e9r\u00fcl\u00e9keny csoportok ir\u00e1nti szenzitivit\u00e1s, n\u0151k helyzete, politikaf\u00fcggetlens\u00e9g, civil t\u00e1rsadalom, civil kur\u00e1zsi, diszkrimin\u00e1ci\u00f3mentess\u00e9g, jogtudatoss\u00e1g, er\u0151szakmentess\u00e9g, kl\u00edmav\u00e1ltoz\u00e1s, kl\u00edmav\u00e1ltoz\u00e1s hat\u00e1sa a kisebbs\u00e9gi k\u00f6z\u00f6ss\u00e9gekre, t\u00f6bbs\u00e9g \u00e9s kisebbs\u00e9g viszonya, korrupci\u00f3elleness\u00e9g, gyerekek jogai, nemek k\u00f6z\u00f6tti egyenl\u0151s\u00e9g, el\u0151\u00edt\u00e9letmentess\u00e9g. Ezek a t\u00e9m\u00e1k kiemelten fontosak egy progressz\u00edv szabad sajt\u00f3term\u00e9kben, \u00e9s sajn\u00e1latos m\u00f3don a rom\u00e1niai magyar sajt\u00f3ban m\u00e9gis gyakran Orb\u00e1n Viktorr\u00f3l, a NER-r\u0151l \u00e9s a szomsz\u00e9dos orsz\u00e1g belpolitikai esem\u00e9nyeir\u0151l olvas a rom\u00e1niai magyar k\u00f6z\u00f6ss\u00e9g, mik\u00f6zben sz\u00e1mos, a k\u00f6z\u00f6ss\u00e9g \u00e9let\u00e9t k\u00f6zvetlen\u00fcl \u00e9rint\u0151, befoly\u00e1sol\u00f3 t\u00e9m\u00e1t fel lehetne dolgozni, \u00e9s sz\u00e1mos finansz\u00edroz\u00e1si lehet\u0151s\u00e9get is biztos\u00edtana egy EU-s orsz\u00e1gban m\u0171k\u00f6d\u0151 m\u00e9diaorg\u00e1num sz\u00e1m\u00e1ra. A programunk c\u00e9lja az, hogy a k\u00f6z\u00f6ss\u00e9g szempontj\u00e1b\u00f3l relev\u00e1ns t\u00e9m\u00e1kat feldolgoz\u00f3 cikkek sz\u00e1ma n\u00f6vekedjen, \u00e9s a kisebbs\u00e9gi szempontok (diszkrimin\u00e1ci\u00f3mentess\u00e9g, emberi jogok, kisebbs\u00e9gi jogok, nyelvi jogok, es\u00e9lyegyenl\u0151s\u00e9g, inkluzivit\u00e1s) sokkal hangs\u00falyosabban \u00e9s szakszer\u0171bben jelenjenek meg.<br>A programunknak, amely a rom\u00e1niai magyar sajt\u00f3term\u00e9kekben megjelent anyagokat a fenti szempontok szerint elemzi, komment\u00e1lja, az is a c\u00e9lja, hogy hozz\u00e1j\u00e1ruljon ahhoz, hogy a rom\u00e1niai magyar m\u00e9di\u00e1ban olyan cikkek sz\u00fclethessenek, amelyek a k\u00f6z\u00e9let tisztul\u00e1s\u00e1nak folyamat\u00e1t er\u0151s\u00edtik, \u00e9s a fentebb felsorolt t\u00e9mak\u00f6r\u00f6k t\u00e1rgyal\u00e1s\u00e1t be\u00e9p\u00edtik a strat\u00e9gi\u00e1jukba.<\/p>\n\n\n\n<p>2024 szuperv\u00e1laszt\u00e1si \u00e9v, fontos lenne olyan k\u00f6z\u00e9leti t\u00e9m\u00e1kat feldolgozni, amelyek hat\u00e1sak\u00e1nt a rom\u00e1niai magyar k\u00f6z\u00f6ss\u00e9gben az egyp\u00e1rtrendszerb\u0151l ad\u00f3d\u00f3 anom\u00e1li\u00e1k cs\u00f6kkenn\u00e9nek. Att\u00f3l tartunk, hogy ehelyett minimum 6 h\u00f3napig arr\u00f3l fogunk olvasni a rom\u00e1niai magyar sajt\u00f3ban, hogy ha nem szavazunk az RMDSZ-re, mind meghalunk. Pedig sz\u00edvesen olvasn\u00e1nk olyan elemz\u00e9seket, amelyek a szavaz\u00f3polg\u00e1rok szavazatainak k\u00f6sz\u00f6nhet\u0151en k\u00fcl\u00f6nb\u00f6z\u0151 kiemelt poz\u00edci\u00f3kban l\u00e9v\u0151 RMDSZ-es tiszts\u00e9gvisel\u0151k elm\u00falt id\u0151szakban kifejtett tev\u00e9kenys\u00e9g\u00e9t, eredm\u00e9nyess\u00e9g\u00e9t venn\u00e9 g\u00f3rcs\u0151 al\u00e1.<\/p>\n\n\n\n<p>A program keret\u00e9n bel\u00fcl m\u00e9diamonitoring tev\u00e9kenys\u00e9get v\u00e9gz\u00fcnk, \u00e9s rendszeresen kiv\u00e1lasztunk olyan cikkeket, amelyeket elemz\u00fcnk \u00e9s komment\u00e1rokkal l\u00e1tunk el, r\u00e1mutatva a jellemz\u0151 hi\u00e1nyoss\u00e1gokra, k\u00e1ros sztereot\u00edpi\u00e1kra, anom\u00e1li\u00e1kra, mulaszt\u00e1sokra.<\/p>\n<\/div>\n","protected":false},"excerpt":{"rendered":"<p>A Concerned Citizens csoport 2024-ben elind\u00edtja a \u201cRom\u00e1niai magyar regressz\u00edv m\u00e9dia\u201d c. programot. A m\u00e9dia a k\u00f6z\u00e9let megtisztul\u00e1s\u00e1nak egyik fontos motorja. \u00c9ppen ez\u00e9rt fontos a sajt\u00f3 tev\u00e9kenys\u00e9g\u00e9t figyelemmel k\u00eds\u00e9rni. A rom\u00e1niai magyar sajt\u00f3 NER \u00e1ltal befoly\u00e1solt r\u00e9sze \u00e9s az ezzel szemben \u00e1ll\u00f3 m\u00e1sik oldal k\u00f6z\u00f6tti ellent\u00e9t mindenki \u00e1ltal ismert jelens\u00e9g. Kev\u00e9sb\u00e9 t\u00e1rgyalt t\u00e9ny, hogy az [&hellip;]<\/p>\n","protected":false},"author":1,"featured_media":0,"parent":0,"menu_order":0,"comment_status":"closed","ping_status":"closed","template":"","meta":{"_uag_custom_page_level_css":"","footnotes":""},"class_list":["post-190","page","type-page","status-publish","hentry"],"yoast_head":"<!-- This site is optimized with the Yoast SEO plugin v22.3 - https:\/\/yoast.com\/wordpress\/plugins\/seo\/ -->\n<title>&quot;Rom\u00e1niai magyar regressz\u00edv m\u00e9dia&quot; program - Concerned Citizens csoport<\/title>\n<meta name=\"robots\" content=\"index, follow, max-snippet:-1, max-image-preview:large, max-video-preview:-1\" \/>\n<link rel=\"canonical\" href=\"https:\/\/concernedcitizens.ro\/?page_id=190\" \/>\n<meta property=\"og:locale\" content=\"en_US\" \/>\n<meta property=\"og:type\" content=\"article\" \/>\n<meta property=\"og:title\" content=\"&quot;Rom\u00e1niai magyar regressz\u00edv m\u00e9dia&quot; program - Concerned Citizens csoport\" \/>\n<meta property=\"og:description\" content=\"A Concerned Citizens csoport 2024-ben elind\u00edtja a \u201cRom\u00e1niai magyar regressz\u00edv m\u00e9dia\u201d c. programot. A m\u00e9dia a k\u00f6z\u00e9let megtisztul\u00e1s\u00e1nak egyik fontos motorja. \u00c9ppen ez\u00e9rt fontos a sajt\u00f3 tev\u00e9kenys\u00e9g\u00e9t figyelemmel k\u00eds\u00e9rni. A rom\u00e1niai magyar sajt\u00f3 NER \u00e1ltal befoly\u00e1solt r\u00e9sze \u00e9s az ezzel szemben \u00e1ll\u00f3 m\u00e1sik oldal k\u00f6z\u00f6tti ellent\u00e9t mindenki \u00e1ltal ismert jelens\u00e9g. Kev\u00e9sb\u00e9 t\u00e1rgyalt t\u00e9ny, hogy az [&hellip;]\" \/>\n<meta property=\"og:url\" content=\"https:\/\/concernedcitizens.ro\/?page_id=190\" \/>\n<meta property=\"og:site_name\" content=\"Concerned Citizens csoport\" \/>\n<meta property=\"article:modified_time\" content=\"2024-03-13T19:30:23+00:00\" \/>\n<meta name=\"twitter:card\" content=\"summary_large_image\" \/>\n<meta name=\"twitter:label1\" content=\"Est. reading time\" \/>\n\t<meta name=\"twitter:data1\" content=\"3 minutes\" \/>\n<!-- \/ Yoast SEO plugin. -->","yoast_head_json":{"title":"\"Rom\u00e1niai magyar regressz\u00edv m\u00e9dia\" program - Concerned Citizens csoport","robots":{"index":"index","follow":"follow","max-snippet":"max-snippet:-1","max-image-preview":"max-image-preview:large","max-video-preview":"max-video-preview:-1"},"canonical":"https:\/\/concernedcitizens.ro\/?page_id=190","og_locale":"en_US","og_type":"article","og_title":"\"Rom\u00e1niai magyar regressz\u00edv m\u00e9dia\" program - Concerned Citizens csoport","og_description":"A Concerned Citizens csoport 2024-ben elind\u00edtja a \u201cRom\u00e1niai magyar regressz\u00edv m\u00e9dia\u201d c. programot. A m\u00e9dia a k\u00f6z\u00e9let megtisztul\u00e1s\u00e1nak egyik fontos motorja. \u00c9ppen ez\u00e9rt fontos a sajt\u00f3 tev\u00e9kenys\u00e9g\u00e9t figyelemmel k\u00eds\u00e9rni. A rom\u00e1niai magyar sajt\u00f3 NER \u00e1ltal befoly\u00e1solt r\u00e9sze \u00e9s az ezzel szemben \u00e1ll\u00f3 m\u00e1sik oldal k\u00f6z\u00f6tti ellent\u00e9t mindenki \u00e1ltal ismert jelens\u00e9g. Kev\u00e9sb\u00e9 t\u00e1rgyalt t\u00e9ny, hogy az [&hellip;]","og_url":"https:\/\/concernedcitizens.ro\/?page_id=190","og_site_name":"Concerned Citizens csoport","article_modified_time":"2024-03-13T19:30:23+00:00","twitter_card":"summary_large_image","twitter_misc":{"Est. reading time":"3 minutes"},"schema":{"@context":"https:\/\/schema.org","@graph":[{"@type":"WebPage","@id":"https:\/\/concernedcitizens.ro\/?page_id=190","url":"https:\/\/concernedcitizens.ro\/?page_id=190","name":"\"Rom\u00e1niai magyar regressz\u00edv m\u00e9dia\" program - Concerned Citizens csoport","isPartOf":{"@id":"https:\/\/concernedcitizens.ro\/#website"},"datePublished":"2024-01-13T20:55:05+00:00","dateModified":"2024-03-13T19:30:23+00:00","breadcrumb":{"@id":"https:\/\/concernedcitizens.ro\/?page_id=190#breadcrumb"},"inLanguage":"en-US","potentialAction":[{"@type":"ReadAction","target":["https:\/\/concernedcitizens.ro\/?page_id=190"]}]},{"@type":"BreadcrumbList","@id":"https:\/\/concernedcitizens.ro\/?page_id=190#breadcrumb","itemListElement":[{"@type":"ListItem","position":1,"name":"Home","item":"https:\/\/concernedcitizens.ro\/"},{"@type":"ListItem","position":2,"name":"&#8220;Rom\u00e1niai magyar regressz\u00edv m\u00e9dia&#8221; program"}]},{"@type":"WebSite","@id":"https:\/\/concernedcitizens.ro\/#website","url":"https:\/\/concernedcitizens.ro\/","name":"Concerned Citizens csoport","description":"","publisher":{"@id":"https:\/\/concernedcitizens.ro\/#organization"},"potentialAction":[{"@type":"SearchAction","target":{"@type":"EntryPoint","urlTemplate":"https:\/\/concernedcitizens.ro\/?s={search_term_string}"},"query-input":"required name=search_term_string"}],"inLanguage":"en-US"},{"@type":"Organization","@id":"https:\/\/concernedcitizens.ro\/#organization","name":"Concerned Citizens csoport","url":"https:\/\/concernedcitizens.ro\/","logo":{"@type":"ImageObject","inLanguage":"en-US","@id":"https:\/\/concernedcitizens.ro\/#\/schema\/logo\/image\/","url":"https:\/\/concernedcitizens.ro\/wp-content\/uploads\/2024\/02\/concerned_citizens-1.webp","contentUrl":"https:\/\/concernedcitizens.ro\/wp-content\/uploads\/2024\/02\/concerned_citizens-1.webp","width":589,"height":616,"caption":"Concerned Citizens csoport"},"image":{"@id":"https:\/\/concernedcitizens.ro\/#\/schema\/logo\/image\/"}}]}},"uagb_featured_image_src":{"full":false,"thumbnail":false,"medium":false,"medium_large":false,"large":false,"1536x1536":false,"2048x2048":false},"uagb_author_info":{"display_name":"Concerned Citizens","author_link":"https:\/\/concernedcitizens.ro\/?author=1"},"uagb_comment_info":0,"uagb_excerpt":"A Concerned Citizens csoport 2024-ben elind\u00edtja a \u201cRom\u00e1niai magyar regressz\u00edv m\u00e9dia\u201d c. programot. A m\u00e9dia a k\u00f6z\u00e9let megtisztul\u00e1s\u00e1nak egyik fontos motorja. \u00c9ppen ez\u00e9rt fontos a sajt\u00f3 tev\u00e9kenys\u00e9g\u00e9t figyelemmel k\u00eds\u00e9rni. A rom\u00e1niai magyar sajt\u00f3 NER \u00e1ltal befoly\u00e1solt r\u00e9sze \u00e9s az ezzel szemben \u00e1ll\u00f3 m\u00e1sik oldal k\u00f6z\u00f6tti ellent\u00e9t mindenki \u00e1ltal ismert jelens\u00e9g. Kev\u00e9sb\u00e9 t\u00e1rgyalt t\u00e9ny, hogy az&hellip;","_links":{"self":[{"href":"https:\/\/concernedcitizens.ro\/index.php?rest_route=\/wp\/v2\/pages\/190","targetHints":{"allow":["GET"]}}],"collection":[{"href":"https:\/\/concernedcitizens.ro\/index.php?rest_route=\/wp\/v2\/pages"}],"about":[{"href":"https:\/\/concernedcitizens.ro\/index.php?rest_route=\/wp\/v2\/types\/page"}],"author":[{"embeddable":true,"href":"https:\/\/concernedcitizens.ro\/index.php?rest_route=\/wp\/v2\/users\/1"}],"replies":[{"embeddable":true,"href":"https:\/\/concernedcitizens.ro\/index.php?rest_route=%2Fwp%2Fv2%2Fcomments&post=190"}],"version-history":[{"count":25,"href":"https:\/\/concernedcitizens.ro\/index.php?rest_route=\/wp\/v2\/pages\/190\/revisions"}],"predecessor-version":[{"id":5716,"href":"https:\/\/concernedcitizens.ro\/index.php?rest_route=\/wp\/v2\/pages\/190\/revisions\/5716"}],"wp:attachment":[{"href":"https:\/\/concernedcitizens.ro\/index.php?rest_route=%2Fwp%2Fv2%2Fmedia&parent=190"}],"curies":[{"name":"wp","href":"https:\/\/api.w.org\/{rel}","templated":true}]}}